{"id":972,"date":"2023-04-05T09:23:32","date_gmt":"2023-04-05T09:23:32","guid":{"rendered":"https:\/\/red-rabbit-524129.hostingersite.com\/?page_id=972"},"modified":"2025-06-18T15:14:15","modified_gmt":"2025-06-18T15:14:15","slug":"participantes","status":"publish","type":"page","link":"https:\/\/congresocompass.es\/fr\/participantes\/","title":{"rendered":"Participantes"},"content":{"rendered":"<section class=\"wpb-content-wrapper\"><div class=\"vc_row wpb_row vc_row-fluid vc_custom_1598834138891 bg-light dark_txt svg_none svg_bottom_none  svg_bottom\"   data-custom-animations=\"true\" data-ca-options='{\"triggerHandler\":\"inview\",\"animationTarget\":\".wpb_column\",\"duration\":1200,\"delay\":100,\"easing\":\"easeOutQuint\",\"direction\":\"forward\",\"initValues\":{\"translateY\":60,\"translateZ\":32,\"rotateX\":-29,\"opacity\":0},\"animations\":{\"translateY\":0,\"translateZ\":0,\"rotateX\":0,\"opacity\":1}}'>\n                  \n\t\t\t\t     \n\t\t\t\t<div class=\"mo-vc-row-ovelay\" style=\"\"><\/div>\n\t\t\t<div class=\"container main-container\"><div class=\"wpb_column vc_column_container vc_col-sm-12 mo-column-69f465bd2a622\"><div class=\"vc_column-inner\"><div class=\"wpb_wrapper\"  ><div class=\"wpb_wrapper-inner\">       \n      <div class=\"mo-title-box title-box-style1  text-center\"  ><h3>COMISI\u00d3N ACAD\u00c9MICA ORGANIZADORA<\/h3> <\/div>\n    <div class=\"vc_row wpb_row vc_inner vc_row-fluid vc_custom_1680544098514 vc_column-gap-0\"   ><div class=\"wpb_column vc_column_container vc_col-sm-3 mo-column-69f465bd2a7ff\"><div class=\"vc_column-inner\" ><div class=\"wpb_wrapper\">\t<div class=\"mo-team tpl2\">\n\t    <figure class=\"team-member\"> \n           <div class=\"team-img\"><img decoding=\"async\" data-src=\"https:\/\/congresocompass.es\/wp-content\/uploads\/2023\/04\/Hombre-12.png\" alt=\"Dr. Lucas Andr\u00e9s P\u00c9REZ MART\u00cdN\" src=\"data:image\/gif;base64,R0lGODlhAQABAAAAACH5BAEKAAEALAAAAAABAAEAAAICTAEAOw==\" class=\"lazyload\" style=\"--smush-placeholder-width: 234px; --smush-placeholder-aspect-ratio: 234\/283;\" \/><div class=\"overlay\"><\/div><\/div>\t\t   <div class=\"team-social social-icons style1\">\n\t\t\t  <a href=\"#\" target=\"_blank\" class=\"facebook\"><span class=\"fa fa-facebook\"><\/span><\/a><a href=\"#\" target=\"_blank\" class=\"twitter\"><span class=\"fa fa-twitter\"><\/span><\/a><a href=\"#\" target=\"_blank\" class=\"linkedin\"><span class=\"fa fa-linkedin\"><\/span><\/a><a href=\"#\" target=\"_blank\" class=\"instagram\"><span class=\"fa fa-instagram\"><\/span><\/a>\t\t <\/div>\n\t\t <div class=\"team-title\">\n\t       \t   <h5>Dr. Lucas Andr\u00e9s P\u00c9REZ MART\u00cdN<\/h5>\t\t\t   <h6>Profesor Contratado Doctor de Derecho Internacional Privado. Universidad de Las Palmas de Gran Canaria. Coordinador de la Comisi\u00f3n.<\/h6>\t\t\t   \n\t\t   <\/div>\n\t\t<\/figure>\n\t<\/div>\n\t<\/div><\/div><\/div><div class=\"wpb_column vc_column_container vc_col-sm-3 mo-column-69f465bd2ab2d\"><div class=\"vc_column-inner\" ><div class=\"wpb_wrapper\">\t<div class=\"mo-team tpl2\">\n\t    <figure class=\"team-member\"> \n           <div class=\"team-img\"><img decoding=\"async\" data-src=\"https:\/\/congresocompass.es\/wp-content\/uploads\/2023\/04\/Mujer-1.png\" alt=\"Dra. Ana SALINAS DE FR\u00cdAS\" src=\"data:image\/gif;base64,R0lGODlhAQABAAAAACH5BAEKAAEALAAAAAABAAEAAAICTAEAOw==\" class=\"lazyload\" style=\"--smush-placeholder-width: 233px; --smush-placeholder-aspect-ratio: 233\/282;\" \/><div class=\"overlay\"><\/div><\/div>\t\t   <div class=\"team-social social-icons style1\">\n\t\t\t  <a href=\"#\" target=\"_blank\" class=\"twitter\"><span class=\"fa fa-twitter\"><\/span><\/a><a href=\"#\" target=\"_blank\" class=\"linkedin\"><span class=\"fa fa-linkedin\"><\/span><\/a><a href=\"#\" target=\"_blank\" class=\"instagram\"><span class=\"fa fa-instagram\"><\/span><\/a>\t\t <\/div>\n\t\t <div class=\"team-title\">\n\t       \t   <h5>Dra. Ana SALINAS DE FR\u00cdAS<\/h5>\t\t\t   <h6>Catedr\u00e1tica de Derecho Internacional P\u00fablico. Universidad de M\u00e1laga.<\/h6>\t\t\t   \n\t\t   <\/div>\n\t\t<\/figure>\n\t<\/div>\n\t<\/div><\/div><\/div><div class=\"wpb_column vc_column_container vc_col-sm-3 mo-column-69f465bd2ad63\"><div class=\"vc_column-inner\" ><div class=\"wpb_wrapper\">\t<div class=\"mo-team tpl2\">\n\t    <figure class=\"team-member\"> \n           <div class=\"team-img\"><img decoding=\"async\" data-src=\"https:\/\/congresocompass.es\/wp-content\/uploads\/2023\/04\/Mujer-1.png\" alt=\"Dra. Mar\u00eda Pilar DIAGO DIAGO\" src=\"data:image\/gif;base64,R0lGODlhAQABAAAAACH5BAEKAAEALAAAAAABAAEAAAICTAEAOw==\" class=\"lazyload\" style=\"--smush-placeholder-width: 233px; --smush-placeholder-aspect-ratio: 233\/282;\" \/><div class=\"overlay\"><\/div><\/div>\t\t   <div class=\"team-social social-icons style1\">\n\t\t\t  <a href=\"#\" target=\"_blank\" class=\"twitter\"><span class=\"fa fa-twitter\"><\/span><\/a><a href=\"#\" target=\"_blank\" class=\"linkedin\"><span class=\"fa fa-linkedin\"><\/span><\/a><a href=\"#\" target=\"_blank\" class=\"instagram\"><span class=\"fa fa-instagram\"><\/span><\/a>\t\t <\/div>\n\t\t <div class=\"team-title\">\n\t       \t   <h5>Dra. Mar\u00eda Pilar DIAGO DIAGO<\/h5>\t\t\t   <h6>Catedr\u00e1tica de Derecho Internacional Privado. Universidad de Zaragoza.<\/h6>\t\t\t   \n\t\t   <\/div>\n\t\t<\/figure>\n\t<\/div>\n\t<\/div><\/div><\/div><div class=\"wpb_column vc_column_container vc_col-sm-3 mo-column-69f465bd2ae1f\"><div class=\"vc_column-inner vc_custom_1680544543305\" ><div class=\"wpb_wrapper\">\t<div class=\"mo-team tpl2\">\n\t    <figure class=\"team-member\"> \n           <div class=\"team-img\"><img decoding=\"async\" data-src=\"https:\/\/congresocompass.es\/wp-content\/uploads\/2023\/04\/Hombre-12.png\" alt=\"Dr. Vicente GARRIDO REBOLLEDO\" src=\"data:image\/gif;base64,R0lGODlhAQABAAAAACH5BAEKAAEALAAAAAABAAEAAAICTAEAOw==\" class=\"lazyload\" style=\"--smush-placeholder-width: 234px; --smush-placeholder-aspect-ratio: 234\/283;\" \/><div class=\"overlay\"><\/div><\/div>\t\t   <div class=\"team-social social-icons style1\">\n\t\t\t  <a href=\"#\" target=\"_blank\" class=\"twitter\"><span class=\"fa fa-twitter\"><\/span><\/a><a href=\"#\" target=\"_blank\" class=\"linkedin\"><span class=\"fa fa-linkedin\"><\/span><\/a><a href=\"#\" target=\"_blank\" class=\"instagram\"><span class=\"fa fa-instagram\"><\/span><\/a>\t\t <\/div>\n\t\t <div class=\"team-title\">\n\t       \t   <h5>Dr. Vicente GARRIDO REBOLLEDO<\/h5>\t\t\t   <h6>Profesor Titular de Derecho Internacional P\u00fablico y Relaciones Internacionales. Universidad Rey Juan Carlos.<\/h6>\t\t\t   \n\t\t   <\/div>\n\t\t<\/figure>\n\t<\/div>\n\t<\/div><\/div><\/div><\/div><div class=\"vc_row wpb_row vc_inner vc_row-fluid vc_custom_1680544098514 vc_column-gap-0\"   ><div class=\"wpb_column vc_column_container vc_col-sm-3 mo-column-69f465bd2af80\"><div class=\"vc_column-inner\" ><div class=\"wpb_wrapper\">\t<div class=\"mo-team tpl2\">\n\t    <figure class=\"team-member\"> \n           <div class=\"team-img\"><img decoding=\"async\" data-src=\"https:\/\/congresocompass.es\/wp-content\/uploads\/2023\/04\/Hombre-12.png\" alt=\"Dr. Nicol\u00e1s NAVARRO BATISTA\" src=\"data:image\/gif;base64,R0lGODlhAQABAAAAACH5BAEKAAEALAAAAAABAAEAAAICTAEAOw==\" class=\"lazyload\" style=\"--smush-placeholder-width: 234px; --smush-placeholder-aspect-ratio: 234\/283;\" \/><div class=\"overlay\"><\/div><\/div>\t\t   <div class=\"team-social social-icons style1\">\n\t\t\t  <a href=\"#\" target=\"_blank\" class=\"facebook\"><span class=\"fa fa-facebook\"><\/span><\/a><a href=\"#\" target=\"_blank\" class=\"twitter\"><span class=\"fa fa-twitter\"><\/span><\/a><a href=\"#\" target=\"_blank\" class=\"linkedin\"><span class=\"fa fa-linkedin\"><\/span><\/a><a href=\"#\" target=\"_blank\" class=\"instagram\"><span class=\"fa fa-instagram\"><\/span><\/a>\t\t <\/div>\n\t\t <div class=\"team-title\">\n\t       \t   <h5>Dr. Nicol\u00e1s NAVARRO BATISTA<\/h5>\t\t\t   <h6>Profesor Titular de Derecho Internacional P\u00fablico. Universidad de Las Palmas de Gran Canaria.<\/h6>\t\t\t   \n\t\t   <\/div>\n\t\t<\/figure>\n\t<\/div>\n\t<\/div><\/div><\/div><div class=\"wpb_column vc_column_container vc_col-sm-3 mo-column-69f465bd2b024\"><div class=\"vc_column-inner\" ><div class=\"wpb_wrapper\">\t<div class=\"mo-team tpl2\">\n\t    <figure class=\"team-member\"> \n           <div class=\"team-img\"><img decoding=\"async\" data-src=\"https:\/\/congresocompass.es\/wp-content\/uploads\/2023\/04\/Mujer-1.png\" alt=\"Dra. Mar\u00eda Dolores BOLLO AROCENA\" src=\"data:image\/gif;base64,R0lGODlhAQABAAAAACH5BAEKAAEALAAAAAABAAEAAAICTAEAOw==\" class=\"lazyload\" style=\"--smush-placeholder-width: 233px; --smush-placeholder-aspect-ratio: 233\/282;\" \/><div class=\"overlay\"><\/div><\/div>\t\t   <div class=\"team-social social-icons style1\">\n\t\t\t  <a href=\"#\" target=\"_blank\" class=\"twitter\"><span class=\"fa fa-twitter\"><\/span><\/a><a href=\"#\" target=\"_blank\" class=\"linkedin\"><span class=\"fa fa-linkedin\"><\/span><\/a><a href=\"#\" target=\"_blank\" class=\"instagram\"><span class=\"fa fa-instagram\"><\/span><\/a>\t\t <\/div>\n\t\t <div class=\"team-title\">\n\t       \t   <h5>Dra. Mar\u00eda Dolores BOLLO AROCENA<\/h5>\t\t\t   <h6>Profesora Titular de Derecho Internacional P\u00fablico. Universidad del Pa\u00eds Vasco.<\/h6>\t\t\t   \n\t\t   <\/div>\n\t\t<\/figure>\n\t<\/div>\n\t<\/div><\/div><\/div><div class=\"wpb_column vc_column_container vc_col-sm-3 mo-column-69f465bd2b0bc\"><div class=\"vc_column-inner\" ><div class=\"wpb_wrapper\">\t<div class=\"mo-team tpl2\">\n\t    <figure class=\"team-member\"> \n           <div class=\"team-img\"><img decoding=\"async\" data-src=\"https:\/\/congresocompass.es\/wp-content\/uploads\/2023\/04\/Hombre-12.png\" alt=\"Dr. Carmelo FALEH P\u00c9REZ\" src=\"data:image\/gif;base64,R0lGODlhAQABAAAAACH5BAEKAAEALAAAAAABAAEAAAICTAEAOw==\" class=\"lazyload\" style=\"--smush-placeholder-width: 234px; --smush-placeholder-aspect-ratio: 234\/283;\" \/><div class=\"overlay\"><\/div><\/div>\t\t   <div class=\"team-social social-icons style1\">\n\t\t\t  <a href=\"#\" target=\"_blank\" class=\"twitter\"><span class=\"fa fa-twitter\"><\/span><\/a><a href=\"#\" target=\"_blank\" class=\"linkedin\"><span class=\"fa fa-linkedin\"><\/span><\/a><a href=\"#\" target=\"_blank\" class=\"instagram\"><span class=\"fa fa-instagram\"><\/span><\/a>\t\t <\/div>\n\t\t <div class=\"team-title\">\n\t       \t   <h5>Dr. Carmelo FALEH P\u00c9REZ<\/h5>\t\t\t   <h6>Profesor Contratado Doctor de Derecho Internacional P\u00fablico. Universidad de Las Palmas de Gran Canaria.<\/h6>\t\t\t   \n\t\t   <\/div>\n\t\t<\/figure>\n\t<\/div>\n\t<\/div><\/div><\/div><div class=\"wpb_column vc_column_container vc_col-sm-3 mo-column-69f465bd2b160\"><div class=\"vc_column-inner\" ><div class=\"wpb_wrapper\">\t<div class=\"mo-team tpl2\">\n\t    <figure class=\"team-member\"> \n           <div class=\"team-img\"><img decoding=\"async\" data-src=\"https:\/\/congresocompass.es\/wp-content\/uploads\/2023\/04\/Mujer-1.png\" alt=\"Dra. Ruth MARTIN\u00d3N QUINTERO\" src=\"data:image\/gif;base64,R0lGODlhAQABAAAAACH5BAEKAAEALAAAAAABAAEAAAICTAEAOw==\" class=\"lazyload\" style=\"--smush-placeholder-width: 233px; --smush-placeholder-aspect-ratio: 233\/282;\" \/><div class=\"overlay\"><\/div><\/div>\t\t   <div class=\"team-social social-icons style1\">\n\t\t\t  <a href=\"#\" target=\"_blank\" class=\"facebook\"><span class=\"fa fa-facebook\"><\/span><\/a><a href=\"#\" target=\"_blank\" class=\"twitter\"><span class=\"fa fa-twitter\"><\/span><\/a><a href=\"#\" target=\"_blank\" class=\"linkedin\"><span class=\"fa fa-linkedin\"><\/span><\/a><a href=\"#\" target=\"_blank\" class=\"instagram\"><span class=\"fa fa-instagram\"><\/span><\/a>\t\t <\/div>\n\t\t <div class=\"team-title\">\n\t       \t   <h5>Dra. Ruth MARTIN\u00d3N QUINTERO<\/h5>\t\t\t   <h6>Profesora Contratada Doctora de Derecho Internacional P\u00fablico. Universidad de La Laguna.<\/h6>\t\t\t   \n\t\t   <\/div>\n\t\t<\/figure>\n\t<\/div>\n\t<\/div><\/div><\/div><\/div><div class=\"vc_row wpb_row vc_inner vc_row-fluid vc_custom_1680544098514 vc_column-gap-0\"   ><div class=\"wpb_column vc_column_container vc_col-sm-3 mo-column-69f465bd2b2ad\"><div class=\"vc_column-inner\" ><div class=\"wpb_wrapper\">\t<div class=\"mo-team tpl2\">\n\t    <figure class=\"team-member\"> \n           <div class=\"team-img\"><img decoding=\"async\" data-src=\"https:\/\/congresocompass.es\/wp-content\/uploads\/2023\/04\/Hombre-12.png\" alt=\"Dr. Eduardo JIM\u00c9NEZ POVEDA\" src=\"data:image\/gif;base64,R0lGODlhAQABAAAAACH5BAEKAAEALAAAAAABAAEAAAICTAEAOw==\" class=\"lazyload\" style=\"--smush-placeholder-width: 234px; --smush-placeholder-aspect-ratio: 234\/283;\" \/><div class=\"overlay\"><\/div><\/div>\t\t   <div class=\"team-social social-icons style1\">\n\t\t\t  <a href=\"#\" target=\"_blank\" class=\"twitter\"><span class=\"fa fa-twitter\"><\/span><\/a><a href=\"#\" target=\"_blank\" class=\"linkedin\"><span class=\"fa fa-linkedin\"><\/span><\/a><a href=\"#\" target=\"_blank\" class=\"instagram\"><span class=\"fa fa-instagram\"><\/span><\/a>\t\t <\/div>\n\t\t <div class=\"team-title\">\n\t       \t   <h5>Dr. Eduardo JIM\u00c9NEZ POVEDA<\/h5>\t\t\t   <h6>Profesor Sustituto (acreditado a Contratado Doctor) de Derecho Internacional P\u00fablico. Universidad de C\u00f3rdoba.<\/h6>\t\t\t   \n\t\t   <\/div>\n\t\t<\/figure>\n\t<\/div>\n\t<\/div><\/div><\/div><div class=\"wpb_column vc_column_container vc_col-sm-3 mo-column-69f465bd2b33e\"><div class=\"vc_column-inner\" ><div class=\"wpb_wrapper\">\t<div class=\"mo-team tpl2\">\n\t    <figure class=\"team-member\"> \n           <div class=\"team-img\"><img decoding=\"async\" data-src=\"https:\/\/congresocompass.es\/wp-content\/uploads\/2023\/04\/Mujer-1.png\" alt=\"Sra. Ada MARISCAL GONZ\u00c1LEZ\" src=\"data:image\/gif;base64,R0lGODlhAQABAAAAACH5BAEKAAEALAAAAAABAAEAAAICTAEAOw==\" class=\"lazyload\" style=\"--smush-placeholder-width: 233px; --smush-placeholder-aspect-ratio: 233\/282;\" \/><div class=\"overlay\"><\/div><\/div>\t\t   <div class=\"team-social social-icons style1\">\n\t\t\t  <a href=\"#\" target=\"_blank\" class=\"twitter\"><span class=\"fa fa-twitter\"><\/span><\/a><a href=\"#\" target=\"_blank\" class=\"linkedin\"><span class=\"fa fa-linkedin\"><\/span><\/a><a href=\"#\" target=\"_blank\" class=\"instagram\"><span class=\"fa fa-instagram\"><\/span><\/a>\t\t <\/div>\n\t\t <div class=\"team-title\">\n\t       \t   <h5>Sra. Ada MARISCAL GONZ\u00c1LEZ<\/h5>\t\t\t   <h6>Investigadora Predoctoral de Derecho Internacional Privado. Universidad de Las Palmas de Gran Canaria.<\/h6>\t\t\t   \n\t\t   <\/div>\n\t\t<\/figure>\n\t<\/div>\n\t<\/div><\/div><\/div><\/div><\/div><\/div><\/div><\/div><\/div><\/div><div class=\"vc_row wpb_row vc_row-fluid vc_custom_1598834138891 bg-light dark_txt svg_none svg_bottom_none  svg_bottom\"   data-custom-animations=\"true\" data-ca-options='{\"triggerHandler\":\"inview\",\"animationTarget\":\".wpb_column\",\"duration\":1200,\"delay\":100,\"easing\":\"easeOutQuint\",\"direction\":\"forward\",\"initValues\":{\"translateY\":60,\"translateZ\":32,\"rotateX\":-29,\"opacity\":0},\"animations\":{\"translateY\":0,\"translateZ\":0,\"rotateX\":0,\"opacity\":1}}'>\n                  \n\t\t\t\t     \n\t\t\t\t<div class=\"mo-vc-row-ovelay\" style=\"\"><\/div>\n\t\t\t<div class=\"container main-container\"><div class=\"wpb_column vc_column_container vc_col-sm-12 mo-column-69f465bd2b61c\"><div class=\"vc_column-inner\"><div class=\"wpb_wrapper\"  ><div class=\"wpb_wrapper-inner\">       \n      <div class=\"mo-title-box title-box-style1  text-center\"  ><h3>Comit\u00e9 scientifique<\/h3> <\/div>\n    <div class=\"vc_row wpb_row vc_inner vc_row-fluid vc_custom_1680544098514 vc_column-gap-0\"   ><div class=\"wpb_column vc_column_container vc_col-sm-3 mo-column-69f465bd2b6e7\"><div class=\"vc_column-inner\" ><div class=\"wpb_wrapper\">\t<div class=\"mo-team tpl2\">\n\t    <figure class=\"team-member\"> \n           <div class=\"team-img\"><img decoding=\"async\" data-src=\"https:\/\/congresocompass.es\/wp-content\/uploads\/2023\/04\/Mujer-1.png\" alt=\"Dra. Inmaculada MARRERO ROCHA\" src=\"data:image\/gif;base64,R0lGODlhAQABAAAAACH5BAEKAAEALAAAAAABAAEAAAICTAEAOw==\" class=\"lazyload\" style=\"--smush-placeholder-width: 233px; --smush-placeholder-aspect-ratio: 233\/282;\" \/><div class=\"overlay\"><\/div><\/div>\t\t   <div class=\"team-social social-icons style1\">\n\t\t\t  <a href=\"#\" target=\"_blank\" class=\"facebook\"><span class=\"fa fa-facebook\"><\/span><\/a><a href=\"#\" target=\"_blank\" class=\"twitter\"><span class=\"fa fa-twitter\"><\/span><\/a><a href=\"#\" target=\"_blank\" class=\"linkedin\"><span class=\"fa fa-linkedin\"><\/span><\/a><a href=\"#\" target=\"_blank\" class=\"instagram\"><span class=\"fa fa-instagram\"><\/span><\/a>\t\t <\/div>\n\t\t <div class=\"team-title\">\n\t       \t   <h5>Dra. Inmaculada MARRERO ROCHA<\/h5>\t\t\t   <h6>Catedr\u00e1tica de Derecho Internacional P\u00fablico y Relaciones Internacionales. Universidad de Granada.<\/h6>\t\t\t   \n\t\t   <\/div>\n\t\t<\/figure>\n\t<\/div>\n\t<\/div><\/div><\/div><div class=\"wpb_column vc_column_container vc_col-sm-3 mo-column-69f465bd2b78a\"><div class=\"vc_column-inner\" ><div class=\"wpb_wrapper\">\t<div class=\"mo-team tpl2\">\n\t    <figure class=\"team-member\"> \n           <div class=\"team-img\"><img decoding=\"async\" data-src=\"https:\/\/congresocompass.es\/wp-content\/uploads\/2023\/04\/Hombre-12.png\" alt=\"Dr. Rafael ARENAS GARC\u00cdA\" src=\"data:image\/gif;base64,R0lGODlhAQABAAAAACH5BAEKAAEALAAAAAABAAEAAAICTAEAOw==\" class=\"lazyload\" style=\"--smush-placeholder-width: 234px; --smush-placeholder-aspect-ratio: 234\/283;\" \/><div class=\"overlay\"><\/div><\/div>\t\t   <div class=\"team-social social-icons style1\">\n\t\t\t  <a href=\"#\" target=\"_blank\" class=\"twitter\"><span class=\"fa fa-twitter\"><\/span><\/a><a href=\"#\" target=\"_blank\" class=\"linkedin\"><span class=\"fa fa-linkedin\"><\/span><\/a><a href=\"#\" target=\"_blank\" class=\"instagram\"><span class=\"fa fa-instagram\"><\/span><\/a>\t\t <\/div>\n\t\t <div class=\"team-title\">\n\t       \t   <h5>Dr. Rafael ARENAS GARC\u00cdA<\/h5>\t\t\t   <h6>Catedr\u00e1tico de Derecho Internacional Privado. Universidad Aut\u00f3noma de Barcelona.<\/h6>\t\t\t   \n\t\t   <\/div>\n\t\t<\/figure>\n\t<\/div>\n\t<\/div><\/div><\/div><div class=\"wpb_column vc_column_container vc_col-sm-3 mo-column-69f465bd2b81c\"><div class=\"vc_column-inner\" ><div class=\"wpb_wrapper\">\t<div class=\"mo-team tpl2\">\n\t    <figure class=\"team-member\"> \n           <div class=\"team-img\"><img decoding=\"async\" data-src=\"https:\/\/congresocompass.es\/wp-content\/uploads\/2023\/04\/Mujer-1.png\" alt=\"Dra. Caterina GARC\u00cdA SEGURA\" src=\"data:image\/gif;base64,R0lGODlhAQABAAAAACH5BAEKAAEALAAAAAABAAEAAAICTAEAOw==\" class=\"lazyload\" style=\"--smush-placeholder-width: 233px; --smush-placeholder-aspect-ratio: 233\/282;\" \/><div class=\"overlay\"><\/div><\/div>\t\t   <div class=\"team-social social-icons style1\">\n\t\t\t  <a href=\"#\" target=\"_blank\" class=\"twitter\"><span class=\"fa fa-twitter\"><\/span><\/a><a href=\"#\" target=\"_blank\" class=\"linkedin\"><span class=\"fa fa-linkedin\"><\/span><\/a><a href=\"#\" target=\"_blank\" class=\"instagram\"><span class=\"fa fa-instagram\"><\/span><\/a>\t\t <\/div>\n\t\t <div class=\"team-title\">\n\t       \t   <h5>Dra. Caterina GARC\u00cdA SEGURA<\/h5>\t\t\t   <h6>Catedr\u00e1tica de Relaciones Internacionales. Universidad Pompeu Fabra.<\/h6>\t\t\t   \n\t\t   <\/div>\n\t\t<\/figure>\n\t<\/div>\n\t<\/div><\/div><\/div><div class=\"wpb_column vc_column_container vc_col-sm-3 mo-column-69f465bd2b8ab\"><div class=\"vc_column-inner vc_custom_1680544543305\" ><div class=\"wpb_wrapper\">\t<div class=\"mo-team tpl2\">\n\t    <figure class=\"team-member\"> \n           <div class=\"team-img\"><img decoding=\"async\" data-src=\"https:\/\/congresocompass.es\/wp-content\/uploads\/2023\/04\/Mujer-1.png\" alt=\"Dra. Mar\u00eda Victoria CUARTERO RUBIO\" src=\"data:image\/gif;base64,R0lGODlhAQABAAAAACH5BAEKAAEALAAAAAABAAEAAAICTAEAOw==\" class=\"lazyload\" style=\"--smush-placeholder-width: 233px; --smush-placeholder-aspect-ratio: 233\/282;\" \/><div class=\"overlay\"><\/div><\/div>\t\t   <div class=\"team-social social-icons style1\">\n\t\t\t  <a href=\"#\" target=\"_blank\" class=\"twitter\"><span class=\"fa fa-twitter\"><\/span><\/a><a href=\"#\" target=\"_blank\" class=\"linkedin\"><span class=\"fa fa-linkedin\"><\/span><\/a><a href=\"#\" target=\"_blank\" class=\"instagram\"><span class=\"fa fa-instagram\"><\/span><\/a>\t\t <\/div>\n\t\t <div class=\"team-title\">\n\t       \t   <h5>Dra. Mar\u00eda Victoria CUARTERO RUBIO<\/h5>\t\t\t   <h6>Catedr\u00e1tica de Derecho Internacional Privado. Universidad de Castilla-La Mancha.<\/h6>\t\t\t   \n\t\t   <\/div>\n\t\t<\/figure>\n\t<\/div>\n\t<\/div><\/div><\/div><\/div><div class=\"vc_row wpb_row vc_inner vc_row-fluid vc_custom_1680544098514 vc_column-gap-0\"   ><div class=\"wpb_column vc_column_container vc_col-sm-3 mo-column-69f465bd2b9e7\"><div class=\"vc_column-inner\" ><div class=\"wpb_wrapper\">\t<div class=\"mo-team tpl2\">\n\t    <figure class=\"team-member\"> \n           <div class=\"team-img\"><img decoding=\"async\" data-src=\"https:\/\/congresocompass.es\/wp-content\/uploads\/2023\/04\/Mujer-1.png\" alt=\"Dra. Paloma GONZ\u00c1LEZ-G\u00d3MEZ DEL MI\u00d1O\" src=\"data:image\/gif;base64,R0lGODlhAQABAAAAACH5BAEKAAEALAAAAAABAAEAAAICTAEAOw==\" class=\"lazyload\" style=\"--smush-placeholder-width: 233px; --smush-placeholder-aspect-ratio: 233\/282;\" \/><div class=\"overlay\"><\/div><\/div>\t\t   <div class=\"team-social social-icons style1\">\n\t\t\t  <a href=\"#\" target=\"_blank\" class=\"facebook\"><span class=\"fa fa-facebook\"><\/span><\/a><a href=\"#\" target=\"_blank\" class=\"twitter\"><span class=\"fa fa-twitter\"><\/span><\/a><a href=\"#\" target=\"_blank\" class=\"linkedin\"><span class=\"fa fa-linkedin\"><\/span><\/a><a href=\"#\" target=\"_blank\" class=\"instagram\"><span class=\"fa fa-instagram\"><\/span><\/a>\t\t <\/div>\n\t\t <div class=\"team-title\">\n\t       \t   <h5>Dra. Paloma GONZ\u00c1LEZ-G\u00d3MEZ DEL MI\u00d1O<\/h5>\t\t\t   <h6>Profesora Titular de Relaciones Internacionales. Universidad Complutense de Madrid.<\/h6>\t\t\t   \n\t\t   <\/div>\n\t\t<\/figure>\n\t<\/div>\n\t<\/div><\/div><\/div><div class=\"wpb_column vc_column_container vc_col-sm-3 mo-column-69f465bd2ba7c\"><div class=\"vc_column-inner\" ><div class=\"wpb_wrapper\">\t<div class=\"mo-team tpl2\">\n\t    <figure class=\"team-member\"> \n           <div class=\"team-img\"><img decoding=\"async\" data-src=\"https:\/\/congresocompass.es\/wp-content\/uploads\/2023\/04\/Hombre-12.png\" alt=\"Dr. Rafael GARC\u00cdA P\u00c9REZ\" src=\"data:image\/gif;base64,R0lGODlhAQABAAAAACH5BAEKAAEALAAAAAABAAEAAAICTAEAOw==\" class=\"lazyload\" style=\"--smush-placeholder-width: 234px; --smush-placeholder-aspect-ratio: 234\/283;\" \/><div class=\"overlay\"><\/div><\/div>\t\t   <div class=\"team-social social-icons style1\">\n\t\t\t  <a href=\"#\" target=\"_blank\" class=\"twitter\"><span class=\"fa fa-twitter\"><\/span><\/a><a href=\"#\" target=\"_blank\" class=\"linkedin\"><span class=\"fa fa-linkedin\"><\/span><\/a><a href=\"#\" target=\"_blank\" class=\"instagram\"><span class=\"fa fa-instagram\"><\/span><\/a>\t\t <\/div>\n\t\t <div class=\"team-title\">\n\t       \t   <h5>Dr. Rafael GARC\u00cdA P\u00c9REZ<\/h5>\t\t\t   <h6>Profesor Titular de Derecho Internacional P\u00fablico y Relaciones Internacionales. Universidad Pablo de Olavide.<\/h6>\t\t\t   \n\t\t   <\/div>\n\t\t<\/figure>\n\t<\/div>\n\t<\/div><\/div><\/div><div class=\"wpb_column vc_column_container vc_col-sm-3 mo-column-69f465bd2bb09\"><div class=\"vc_column-inner\" ><div class=\"wpb_wrapper\">\t<div class=\"mo-team tpl2\">\n\t    <figure class=\"team-member\"> \n           <div class=\"team-img\"><img decoding=\"async\" data-src=\"https:\/\/congresocompass.es\/wp-content\/uploads\/2023\/04\/Mujer-1.png\" alt=\"Dr. Miguel \u00c1ngel MICHINEL \u00c1LVAREZ\" src=\"data:image\/gif;base64,R0lGODlhAQABAAAAACH5BAEKAAEALAAAAAABAAEAAAICTAEAOw==\" class=\"lazyload\" style=\"--smush-placeholder-width: 233px; --smush-placeholder-aspect-ratio: 233\/282;\" \/><div class=\"overlay\"><\/div><\/div>\t\t   <div class=\"team-social social-icons style1\">\n\t\t\t  <a href=\"#\" target=\"_blank\" class=\"twitter\"><span class=\"fa fa-twitter\"><\/span><\/a><a href=\"#\" target=\"_blank\" class=\"linkedin\"><span class=\"fa fa-linkedin\"><\/span><\/a><a href=\"#\" target=\"_blank\" class=\"instagram\"><span class=\"fa fa-instagram\"><\/span><\/a>\t\t <\/div>\n\t\t <div class=\"team-title\">\n\t       \t   <h5>Dr. Miguel \u00c1ngel MICHINEL \u00c1LVAREZ<\/h5>\t\t\t   <h6>Catedr\u00e1tico de Derecho Internacional Privado. Universidad de Vigo.<\/h6>\t\t\t   \n\t\t   <\/div>\n\t\t<\/figure>\n\t<\/div>\n\t<\/div><\/div><\/div><div class=\"wpb_column vc_column_container vc_col-sm-3 mo-column-69f465bd2bb93\"><div class=\"vc_column-inner\" ><div class=\"wpb_wrapper\">\t<div class=\"mo-team tpl2\">\n\t    <figure class=\"team-member\"> \n           <div class=\"team-img\"><img decoding=\"async\" data-src=\"https:\/\/congresocompass.es\/wp-content\/uploads\/2023\/04\/Hombre-12.png\" alt=\"Dr. Ricardo RUEDA VALDIVIA\" src=\"data:image\/gif;base64,R0lGODlhAQABAAAAACH5BAEKAAEALAAAAAABAAEAAAICTAEAOw==\" class=\"lazyload\" style=\"--smush-placeholder-width: 234px; --smush-placeholder-aspect-ratio: 234\/283;\" \/><div class=\"overlay\"><\/div><\/div>\t\t   <div class=\"team-social social-icons style1\">\n\t\t\t  <a href=\"#\" target=\"_blank\" class=\"twitter\"><span class=\"fa fa-twitter\"><\/span><\/a><a href=\"#\" target=\"_blank\" class=\"linkedin\"><span class=\"fa fa-linkedin\"><\/span><\/a><a href=\"#\" target=\"_blank\" class=\"instagram\"><span class=\"fa fa-instagram\"><\/span><\/a>\t\t <\/div>\n\t\t <div class=\"team-title\">\n\t       \t   <h5>Dr. Ricardo RUEDA VALDIVIA<\/h5>\t\t\t   <h6>Profesor Titular de Derecho Internacional Privado de la Universidad de Granada.<\/h6>\t\t\t   \n\t\t   <\/div>\n\t\t<\/figure>\n\t<\/div>\n\t<\/div><\/div><\/div><\/div><\/div><\/div><\/div><\/div><\/div><\/div><div class=\"vc_row wpb_row vc_row-fluid vc_custom_1598834138891 bg-light dark_txt svg_none svg_bottom_none  svg_bottom\"   data-custom-animations=\"true\" data-ca-options='{\"triggerHandler\":\"inview\",\"animationTarget\":\".wpb_column\",\"duration\":1200,\"delay\":100,\"easing\":\"easeOutQuint\",\"direction\":\"forward\",\"initValues\":{\"translateY\":60,\"translateZ\":32,\"rotateX\":-29,\"opacity\":0},\"animations\":{\"translateY\":0,\"translateZ\":0,\"rotateX\":0,\"opacity\":1}}'>\n                  \n\t\t\t\t     \n\t\t\t\t<div class=\"mo-vc-row-ovelay\" style=\"\"><\/div>\n\t\t\t<div class=\"container main-container\"><div class=\"wpb_column vc_column_container vc_col-sm-12 mo-column-69f465bd2be4c\"><div class=\"vc_column-inner\"><div class=\"wpb_wrapper\"  ><div class=\"wpb_wrapper-inner\">       \n      <div class=\"mo-title-box title-box-style1  text-center\"  ><h3>PONENTES Y MODERADORES<\/h3> <\/div>\n    <div class=\"vc_row wpb_row vc_inner vc_row-fluid vc_custom_1680544098514 vc_column-gap-0\"   ><div class=\"wpb_column vc_column_container vc_col-sm-3 mo-column-69f465bd2bf21\"><div class=\"vc_column-inner\" ><div class=\"wpb_wrapper\">\t<div class=\"mo-team tpl2\">\n\t    <figure class=\"team-member\"> \n           <div class=\"team-img\"><img decoding=\"async\" data-src=\"https:\/\/congresocompass.es\/wp-content\/uploads\/2023\/04\/Hombre-12.png\" alt=\"Moderador: Dr. Rafael CASADO RAIG\u00d3N\" src=\"data:image\/gif;base64,R0lGODlhAQABAAAAACH5BAEKAAEALAAAAAABAAEAAAICTAEAOw==\" class=\"lazyload\" style=\"--smush-placeholder-width: 234px; --smush-placeholder-aspect-ratio: 234\/283;\" \/><div class=\"overlay\"><\/div><\/div>\t\t   <div class=\"team-social social-icons style1\">\n\t\t\t  <a href=\"#\" target=\"_blank\" class=\"facebook\"><span class=\"fa fa-facebook\"><\/span><\/a><a href=\"#\" target=\"_blank\" class=\"twitter\"><span class=\"fa fa-twitter\"><\/span><\/a><a href=\"#\" target=\"_blank\" class=\"linkedin\"><span class=\"fa fa-linkedin\"><\/span><\/a><a href=\"#\" target=\"_blank\" class=\"instagram\"><span class=\"fa fa-instagram\"><\/span><\/a>\t\t <\/div>\n\t\t <div class=\"team-title\">\n\t       \t   <h5>Moderador: Dr. Rafael CASADO RAIG\u00d3N<\/h5>\t\t\t   <h6>Catedr\u00e1tico de Derecho Internacional P\u00fablico y Relaciones Internacionales. Universidad de C\u00f3rdoba.<\/h6>\t\t\t   \n\t\t   <\/div>\n\t\t<\/figure>\n\t<\/div>\n\t<\/div><\/div><\/div><div class=\"wpb_column vc_column_container vc_col-sm-3 mo-column-69f465bd2bfc2\"><div class=\"vc_column-inner\" ><div class=\"wpb_wrapper\">\t<div class=\"mo-team tpl2\">\n\t    <figure class=\"team-member\"> \n           <div class=\"team-img\"><img decoding=\"async\" data-src=\"https:\/\/congresocompass.es\/wp-content\/uploads\/2023\/04\/Hombre-12.png\" alt=\"Ponente inaugural: Dr. Andr\u00e9s RODR\u00cdGUEZ BENOT\" src=\"data:image\/gif;base64,R0lGODlhAQABAAAAACH5BAEKAAEALAAAAAABAAEAAAICTAEAOw==\" class=\"lazyload\" style=\"--smush-placeholder-width: 234px; --smush-placeholder-aspect-ratio: 234\/283;\" \/><div class=\"overlay\"><\/div><\/div>\t\t   <div class=\"team-social social-icons style1\">\n\t\t\t  <a href=\"#\" target=\"_blank\" class=\"twitter\"><span class=\"fa fa-twitter\"><\/span><\/a><a href=\"#\" target=\"_blank\" class=\"linkedin\"><span class=\"fa fa-linkedin\"><\/span><\/a><a href=\"#\" target=\"_blank\" class=\"instagram\"><span class=\"fa fa-instagram\"><\/span><\/a>\t\t <\/div>\n\t\t <div class=\"team-title\">\n\t       \t   <h5>Ponente inaugural: Dr. Andr\u00e9s RODR\u00cdGUEZ BENOT<\/h5>\t\t\t   <h6>Catedr\u00e1tico de Derecho Internacional Privado. Universidad Pablo de Olavide.<\/h6>\t\t\t   \n\t\t   <\/div>\n\t\t<\/figure>\n\t<\/div>\n\t<\/div><\/div><\/div><div class=\"wpb_column vc_column_container vc_col-sm-3 mo-column-69f465bd2c052\"><div class=\"vc_column-inner\" ><div class=\"wpb_wrapper\">\t<div class=\"mo-team tpl2\">\n\t    <figure class=\"team-member\"> \n           <div class=\"team-img\"><img decoding=\"async\" data-src=\"https:\/\/congresocompass.es\/wp-content\/uploads\/2023\/04\/Mujer-1.png\" alt=\"Moderadora: Dra. M\u00f3nica GUZM\u00c1N ZAPATER\" src=\"data:image\/gif;base64,R0lGODlhAQABAAAAACH5BAEKAAEALAAAAAABAAEAAAICTAEAOw==\" class=\"lazyload\" style=\"--smush-placeholder-width: 233px; --smush-placeholder-aspect-ratio: 233\/282;\" \/><div class=\"overlay\"><\/div><\/div>\t\t   <div class=\"team-social social-icons style1\">\n\t\t\t  <a href=\"#\" target=\"_blank\" class=\"twitter\"><span class=\"fa fa-twitter\"><\/span><\/a><a href=\"#\" target=\"_blank\" class=\"linkedin\"><span class=\"fa fa-linkedin\"><\/span><\/a><a href=\"#\" target=\"_blank\" class=\"instagram\"><span class=\"fa fa-instagram\"><\/span><\/a>\t\t <\/div>\n\t\t <div class=\"team-title\">\n\t       \t   <h5>Moderadora: Dra. M\u00f3nica GUZM\u00c1N ZAPATER<\/h5>\t\t\t   <h6>Catedr\u00e1tica de Derecho Internacional Privado. Universidad Nacional de Educaci\u00f3n a Distancia.<\/h6>\t\t\t   \n\t\t   <\/div>\n\t\t<\/figure>\n\t<\/div>\n\t<\/div><\/div><\/div><div class=\"wpb_column vc_column_container vc_col-sm-3 mo-column-69f465bd2c0e7\"><div class=\"vc_column-inner vc_custom_1680544543305\" ><div class=\"wpb_wrapper\">\t<div class=\"mo-team tpl2\">\n\t    <figure class=\"team-member\"> \n           <div class=\"team-img\"><img decoding=\"async\" data-src=\"https:\/\/congresocompass.es\/wp-content\/uploads\/2023\/04\/Hombre-12.png\" alt=\"Ponente de Derecho Internacional P\u00fablico: Dr. Carlos JIM\u00c9NEZ PIERNAS\" src=\"data:image\/gif;base64,R0lGODlhAQABAAAAACH5BAEKAAEALAAAAAABAAEAAAICTAEAOw==\" class=\"lazyload\" style=\"--smush-placeholder-width: 234px; --smush-placeholder-aspect-ratio: 234\/283;\" \/><div class=\"overlay\"><\/div><\/div>\t\t   <div class=\"team-social social-icons style1\">\n\t\t\t  <a href=\"#\" target=\"_blank\" class=\"twitter\"><span class=\"fa fa-twitter\"><\/span><\/a><a href=\"#\" target=\"_blank\" class=\"linkedin\"><span class=\"fa fa-linkedin\"><\/span><\/a><a href=\"#\" target=\"_blank\" class=\"instagram\"><span class=\"fa fa-instagram\"><\/span><\/a>\t\t <\/div>\n\t\t <div class=\"team-title\">\n\t       \t   <h5>Ponente de Derecho Internacional P\u00fablico: Dr. Carlos JIM\u00c9NEZ PIERNAS<\/h5>\t\t\t   <h6>Catedr\u00e1tico de Derecho Internacional P\u00fablico. Universidad de Alcal\u00e1.<\/h6>\t\t\t   \n\t\t   <\/div>\n\t\t<\/figure>\n\t<\/div>\n\t<\/div><\/div><\/div><\/div><div class=\"vc_row wpb_row vc_inner vc_row-fluid vc_custom_1680544098514 vc_column-gap-0\"   ><div class=\"wpb_column vc_column_container vc_col-sm-3 mo-column-69f465bd2c21f\"><div class=\"vc_column-inner\" ><div class=\"wpb_wrapper\">\t<div class=\"mo-team tpl2\">\n\t    <figure class=\"team-member\"> \n           <div class=\"team-img\"><img decoding=\"async\" data-src=\"https:\/\/congresocompass.es\/wp-content\/uploads\/2023\/04\/Hombre-12.png\" alt=\"Ponente de Derecho Internacional Privado: Dr. Juan Jos\u00e9 \u00c1LVAREZ RUBIO\" src=\"data:image\/gif;base64,R0lGODlhAQABAAAAACH5BAEKAAEALAAAAAABAAEAAAICTAEAOw==\" class=\"lazyload\" style=\"--smush-placeholder-width: 234px; --smush-placeholder-aspect-ratio: 234\/283;\" \/><div class=\"overlay\"><\/div><\/div>\t\t   <div class=\"team-social social-icons style1\">\n\t\t\t  <a href=\"#\" target=\"_blank\" class=\"facebook\"><span class=\"fa fa-facebook\"><\/span><\/a><a href=\"#\" target=\"_blank\" class=\"twitter\"><span class=\"fa fa-twitter\"><\/span><\/a><a href=\"#\" target=\"_blank\" class=\"linkedin\"><span class=\"fa fa-linkedin\"><\/span><\/a><a href=\"#\" target=\"_blank\" class=\"instagram\"><span class=\"fa fa-instagram\"><\/span><\/a>\t\t <\/div>\n\t\t <div class=\"team-title\">\n\t       \t   <h5>Ponente de Derecho Internacional Privado: Dr. Juan Jos\u00e9 \u00c1LVAREZ RUBIO<\/h5>\t\t\t   <h6>Catedr\u00e1tico de Derecho Internacional Privado. Universidad del Pa\u00eds Vasco.<\/h6>\t\t\t   \n\t\t   <\/div>\n\t\t<\/figure>\n\t<\/div>\n\t<\/div><\/div><\/div><div class=\"wpb_column vc_column_container vc_col-sm-3 mo-column-69f465bd2c2b7\"><div class=\"vc_column-inner\" ><div class=\"wpb_wrapper\">\t<div class=\"mo-team tpl2\">\n\t    <figure class=\"team-member\"> \n           <div class=\"team-img\"><img decoding=\"async\" data-src=\"https:\/\/congresocompass.es\/wp-content\/uploads\/2023\/04\/Hombre-12.png\" alt=\"Ponente de Relaciones Internacionales: Dr. Jos\u00e9 Antonio SANAHUJA PERALES\" src=\"data:image\/gif;base64,R0lGODlhAQABAAAAACH5BAEKAAEALAAAAAABAAEAAAICTAEAOw==\" class=\"lazyload\" style=\"--smush-placeholder-width: 234px; --smush-placeholder-aspect-ratio: 234\/283;\" \/><div class=\"overlay\"><\/div><\/div>\t\t   <div class=\"team-social social-icons style1\">\n\t\t\t  <a href=\"#\" target=\"_blank\" class=\"twitter\"><span class=\"fa fa-twitter\"><\/span><\/a><a href=\"#\" target=\"_blank\" class=\"linkedin\"><span class=\"fa fa-linkedin\"><\/span><\/a><a href=\"#\" target=\"_blank\" class=\"instagram\"><span class=\"fa fa-instagram\"><\/span><\/a>\t\t <\/div>\n\t\t <div class=\"team-title\">\n\t       \t   <h5>Ponente de Relaciones Internacionales: Dr. Jos\u00e9 Antonio SANAHUJA PERALES<\/h5>\t\t\t   <h6>Catedr\u00e1tico de Relaciones Internacionales. Universidad Complutense de Madrid.<\/h6>\t\t\t   \n\t\t   <\/div>\n\t\t<\/figure>\n\t<\/div>\n\t<\/div><\/div><\/div><div class=\"wpb_column vc_column_container vc_col-sm-3 mo-column-69f465bd2c344\"><div class=\"vc_column-inner\" ><div class=\"wpb_wrapper\">\t<div class=\"mo-team tpl2\">\n\t    <figure class=\"team-member\"> \n           <div class=\"team-img\"><img decoding=\"async\" data-src=\"https:\/\/congresocompass.es\/wp-content\/uploads\/2023\/04\/Hombre-12.png\" alt=\"Moderador: Dr. Jos\u00e9 Luis DE CASTRO RUANO\" src=\"data:image\/gif;base64,R0lGODlhAQABAAAAACH5BAEKAAEALAAAAAABAAEAAAICTAEAOw==\" class=\"lazyload\" style=\"--smush-placeholder-width: 234px; --smush-placeholder-aspect-ratio: 234\/283;\" \/><div class=\"overlay\"><\/div><\/div>\t\t   <div class=\"team-social social-icons style1\">\n\t\t\t  <a href=\"#\" target=\"_blank\" class=\"twitter\"><span class=\"fa fa-twitter\"><\/span><\/a><a href=\"#\" target=\"_blank\" class=\"linkedin\"><span class=\"fa fa-linkedin\"><\/span><\/a><a href=\"#\" target=\"_blank\" class=\"instagram\"><span class=\"fa fa-instagram\"><\/span><\/a>\t\t <\/div>\n\t\t <div class=\"team-title\">\n\t       \t   <h5>Moderador: Dr. Jos\u00e9 Luis DE CASTRO RUANO<\/h5>\t\t\t   <h6>Profesor Titular de Relaciones Internacionales. Universidad del Pa\u00eds Vasco.<\/h6>\t\t\t   \n\t\t   <\/div>\n\t\t<\/figure>\n\t<\/div>\n\t<\/div><\/div><\/div><div class=\"wpb_column vc_column_container vc_col-sm-3 mo-column-69f465bd2c3fd\"><div class=\"vc_column-inner\" ><div class=\"wpb_wrapper\">\t<div class=\"mo-team tpl2\">\n\t    <figure class=\"team-member\"> \n           <div class=\"team-img\"><img decoding=\"async\" data-src=\"https:\/\/congresocompass.es\/wp-content\/uploads\/2023\/04\/Mujer-1.png\" alt=\"Ponente de Derecho Internacional P\u00fablico: Dra. Soledad TORRECUADRADA GARC\u00cdA-LOZANO\" src=\"data:image\/gif;base64,R0lGODlhAQABAAAAACH5BAEKAAEALAAAAAABAAEAAAICTAEAOw==\" class=\"lazyload\" style=\"--smush-placeholder-width: 233px; --smush-placeholder-aspect-ratio: 233\/282;\" \/><div class=\"overlay\"><\/div><\/div>\t\t   <div class=\"team-social social-icons style1\">\n\t\t\t  <a href=\"#\" target=\"_blank\" class=\"twitter\"><span class=\"fa fa-twitter\"><\/span><\/a><a href=\"#\" target=\"_blank\" class=\"linkedin\"><span class=\"fa fa-linkedin\"><\/span><\/a><a href=\"#\" target=\"_blank\" class=\"instagram\"><span class=\"fa fa-instagram\"><\/span><\/a>\t\t <\/div>\n\t\t <div class=\"team-title\">\n\t       \t   <h5>Ponente de Derecho Internacional P\u00fablico: Dra. Soledad TORRECUADRADA GARC\u00cdA-LOZANO<\/h5>\t\t\t   <h6>Catedr\u00e1tica de Derecho Internacional P\u00fablico y Relaciones Internacionales. Universidad Aut\u00f3noma de Madrid.<\/h6>\t\t\t   \n\t\t   <\/div>\n\t\t<\/figure>\n\t<\/div>\n\t<\/div><\/div><\/div><\/div><div class=\"vc_row wpb_row vc_inner vc_row-fluid vc_custom_1680544098514 vc_column-gap-0\"   ><div class=\"wpb_column vc_column_container vc_col-sm-3 mo-column-69f465bd2c551\"><div class=\"vc_column-inner\" ><div class=\"wpb_wrapper\">\t<div class=\"mo-team tpl2\">\n\t    <figure class=\"team-member\"> \n           <div class=\"team-img\"><img decoding=\"async\" data-src=\"https:\/\/congresocompass.es\/wp-content\/uploads\/2023\/04\/Hombre-12.png\" alt=\"Ponente de Derecho Internacional Privado: Dr. Federico GARAU SOBRINO\" src=\"data:image\/gif;base64,R0lGODlhAQABAAAAACH5BAEKAAEALAAAAAABAAEAAAICTAEAOw==\" class=\"lazyload\" style=\"--smush-placeholder-width: 234px; --smush-placeholder-aspect-ratio: 234\/283;\" \/><div class=\"overlay\"><\/div><\/div>\t\t   <div class=\"team-social social-icons style1\">\n\t\t\t  <a href=\"#\" target=\"_blank\" class=\"facebook\"><span class=\"fa fa-facebook\"><\/span><\/a><a href=\"#\" target=\"_blank\" class=\"twitter\"><span class=\"fa fa-twitter\"><\/span><\/a><a href=\"#\" target=\"_blank\" class=\"linkedin\"><span class=\"fa fa-linkedin\"><\/span><\/a><a href=\"#\" target=\"_blank\" class=\"instagram\"><span class=\"fa fa-instagram\"><\/span><\/a>\t\t <\/div>\n\t\t <div class=\"team-title\">\n\t       \t   <h5>Ponente de Derecho Internacional Privado: Dr. Federico GARAU SOBRINO<\/h5>\t\t\t   <h6>Catedr\u00e1tico de Derecho Internacional Privado. Universitat de les Illes Balears.<\/h6>\t\t\t   \n\t\t   <\/div>\n\t\t<\/figure>\n\t<\/div>\n\t<\/div><\/div><\/div><div class=\"wpb_column vc_column_container vc_col-sm-3 mo-column-69f465bd2c5ec\"><div class=\"vc_column-inner\" ><div class=\"wpb_wrapper\">\t<div class=\"mo-team tpl2\">\n\t    <figure class=\"team-member\"> \n           <div class=\"team-img\"><img decoding=\"async\" data-src=\"https:\/\/congresocompass.es\/wp-content\/uploads\/2023\/04\/Mujer-1.png\" alt=\"Ponente de Relaciones Internacionales: Dra. Sagrario MOR\u00c1N BLANCO\" src=\"data:image\/gif;base64,R0lGODlhAQABAAAAACH5BAEKAAEALAAAAAABAAEAAAICTAEAOw==\" class=\"lazyload\" style=\"--smush-placeholder-width: 233px; --smush-placeholder-aspect-ratio: 233\/282;\" \/><div class=\"overlay\"><\/div><\/div>\t\t   <div class=\"team-social social-icons style1\">\n\t\t\t  <a href=\"#\" target=\"_blank\" class=\"twitter\"><span class=\"fa fa-twitter\"><\/span><\/a><a href=\"#\" target=\"_blank\" class=\"linkedin\"><span class=\"fa fa-linkedin\"><\/span><\/a><a href=\"#\" target=\"_blank\" class=\"instagram\"><span class=\"fa fa-instagram\"><\/span><\/a>\t\t <\/div>\n\t\t <div class=\"team-title\">\n\t       \t   <h5>Ponente de Relaciones Internacionales: Dra. Sagrario MOR\u00c1N BLANCO<\/h5>\t\t\t   <h6>Catedr\u00e1tica de Relaciones Internacionales. Universidad Rey Juan Carlos de Madrid.<\/h6>\t\t\t   \n\t\t   <\/div>\n\t\t<\/figure>\n\t<\/div>\n\t<\/div><\/div><\/div><div class=\"wpb_column vc_column_container vc_col-sm-3 mo-column-69f465bd2c67b\"><div class=\"vc_column-inner\" ><div class=\"wpb_wrapper\">\t<div class=\"mo-team tpl2\">\n\t    <figure class=\"team-member\"> \n           <div class=\"team-img\"><img decoding=\"async\" data-src=\"https:\/\/congresocompass.es\/wp-content\/uploads\/2023\/04\/Hombre-12.png\" alt=\"Moderador: Dr. Luis Norberto GONZ\u00c1LEZ ALONSO\" src=\"data:image\/gif;base64,R0lGODlhAQABAAAAACH5BAEKAAEALAAAAAABAAEAAAICTAEAOw==\" class=\"lazyload\" style=\"--smush-placeholder-width: 234px; --smush-placeholder-aspect-ratio: 234\/283;\" \/><div class=\"overlay\"><\/div><\/div>\t\t   <div class=\"team-social social-icons style1\">\n\t\t\t  <a href=\"#\" target=\"_blank\" class=\"twitter\"><span class=\"fa fa-twitter\"><\/span><\/a><a href=\"#\" target=\"_blank\" class=\"linkedin\"><span class=\"fa fa-linkedin\"><\/span><\/a><a href=\"#\" target=\"_blank\" class=\"instagram\"><span class=\"fa fa-instagram\"><\/span><\/a>\t\t <\/div>\n\t\t <div class=\"team-title\">\n\t       \t   <h5>Moderador: Dr. Luis Norberto GONZ\u00c1LEZ ALONSO<\/h5>\t\t\t   <h6>Catedr\u00e1tico de Derecho Internacional P\u00fablico y Relaciones Internacionales. Universidad de Salamanca.<\/h6>\t\t\t   \n\t\t   <\/div>\n\t\t<\/figure>\n\t<\/div>\n\t<\/div><\/div><\/div><div class=\"wpb_column vc_column_container vc_col-sm-3 mo-column-69f465bd2c707\"><div class=\"vc_column-inner\" ><div class=\"wpb_wrapper\">\t<div class=\"mo-team tpl2\">\n\t    <figure class=\"team-member\"> \n           <div class=\"team-img\"><img decoding=\"async\" data-src=\"https:\/\/congresocompass.es\/wp-content\/uploads\/2023\/04\/Hombre-12.png\" alt=\"Ponente de Derecho Internacional P\u00fablico: Dr. Jordi BONET I P\u00c9REZ\" src=\"data:image\/gif;base64,R0lGODlhAQABAAAAACH5BAEKAAEALAAAAAABAAEAAAICTAEAOw==\" class=\"lazyload\" style=\"--smush-placeholder-width: 234px; --smush-placeholder-aspect-ratio: 234\/283;\" \/><div class=\"overlay\"><\/div><\/div>\t\t   <div class=\"team-social social-icons style1\">\n\t\t\t  <a href=\"#\" target=\"_blank\" class=\"twitter\"><span class=\"fa fa-twitter\"><\/span><\/a><a href=\"#\" target=\"_blank\" class=\"linkedin\"><span class=\"fa fa-linkedin\"><\/span><\/a><a href=\"#\" target=\"_blank\" class=\"instagram\"><span class=\"fa fa-instagram\"><\/span><\/a>\t\t <\/div>\n\t\t <div class=\"team-title\">\n\t       \t   <h5>Ponente de Derecho Internacional P\u00fablico: Dr. Jordi BONET I P\u00c9REZ<\/h5>\t\t\t   <h6>Catedr\u00e1tico de Derecho Internacional P\u00fablico. Universidad de Barcelona.<\/h6>\t\t\t   \n\t\t   <\/div>\n\t\t<\/figure>\n\t<\/div>\n\t<\/div><\/div><\/div><\/div><div class=\"vc_row wpb_row vc_inner vc_row-fluid vc_custom_1680544098514 vc_column-gap-0\"   ><div class=\"wpb_column vc_column_container vc_col-sm-3 mo-column-69f465bd2c838\"><div class=\"vc_column-inner\" ><div class=\"wpb_wrapper\">\t<div class=\"mo-team tpl2\">\n\t    <figure class=\"team-member\"> \n           <div class=\"team-img\"><img decoding=\"async\" data-src=\"https:\/\/congresocompass.es\/wp-content\/uploads\/2023\/04\/Mujer-1.png\" alt=\"Ponente de Derecho Internacional Privado: Dra. Natividad GO\u00d1I URRIZA.\" src=\"data:image\/gif;base64,R0lGODlhAQABAAAAACH5BAEKAAEALAAAAAABAAEAAAICTAEAOw==\" class=\"lazyload\" style=\"--smush-placeholder-width: 233px; --smush-placeholder-aspect-ratio: 233\/282;\" \/><div class=\"overlay\"><\/div><\/div>\t\t   <div class=\"team-social social-icons style1\">\n\t\t\t  <a href=\"#\" target=\"_blank\" class=\"facebook\"><span class=\"fa fa-facebook\"><\/span><\/a><a href=\"#\" target=\"_blank\" class=\"twitter\"><span class=\"fa fa-twitter\"><\/span><\/a><a href=\"#\" target=\"_blank\" class=\"linkedin\"><span class=\"fa fa-linkedin\"><\/span><\/a><a href=\"#\" target=\"_blank\" class=\"instagram\"><span class=\"fa fa-instagram\"><\/span><\/a>\t\t <\/div>\n\t\t <div class=\"team-title\">\n\t       \t   <h5>Ponente de Derecho Internacional Privado: Dra. Natividad GO\u00d1I URRIZA.<\/h5>\t\t\t   <h6>Profesora Titular de Derecho Internacional Privado. Universidad P\u00fablica de Navarra.<\/h6>\t\t\t   \n\t\t   <\/div>\n\t\t<\/figure>\n\t<\/div>\n\t<\/div><\/div><\/div><div class=\"wpb_column vc_column_container vc_col-sm-3 mo-column-69f465bd2c8d3\"><div class=\"vc_column-inner\" ><div class=\"wpb_wrapper\">\t<div class=\"mo-team tpl2\">\n\t    <figure class=\"team-member\"> \n           <div class=\"team-img\"><img decoding=\"async\" data-src=\"https:\/\/congresocompass.es\/wp-content\/uploads\/2023\/04\/Hombre-12.png\" alt=\"Ponente de Relaciones Internacionales: Dr. Rafael CALDUCH CERVERA\" src=\"data:image\/gif;base64,R0lGODlhAQABAAAAACH5BAEKAAEALAAAAAABAAEAAAICTAEAOw==\" class=\"lazyload\" style=\"--smush-placeholder-width: 234px; --smush-placeholder-aspect-ratio: 234\/283;\" \/><div class=\"overlay\"><\/div><\/div>\t\t   <div class=\"team-social social-icons style1\">\n\t\t\t  <a href=\"#\" target=\"_blank\" class=\"twitter\"><span class=\"fa fa-twitter\"><\/span><\/a><a href=\"#\" target=\"_blank\" class=\"linkedin\"><span class=\"fa fa-linkedin\"><\/span><\/a><a href=\"#\" target=\"_blank\" class=\"instagram\"><span class=\"fa fa-instagram\"><\/span><\/a>\t\t <\/div>\n\t\t <div class=\"team-title\">\n\t       \t   <h5>Ponente de Relaciones Internacionales: Dr. Rafael CALDUCH CERVERA<\/h5>\t\t\t   <h6>Catedr\u00e1tico de Relaciones Internacionales. Universidad Complutense de Madrid.<\/h6>\t\t\t   \n\t\t   <\/div>\n\t\t<\/figure>\n\t<\/div>\n\t<\/div><\/div><\/div><div class=\"wpb_column vc_column_container vc_col-sm-3 mo-column-69f465bd2c961\"><div class=\"vc_column-inner\" ><div class=\"wpb_wrapper\">\t<div class=\"mo-team tpl2\">\n\t    <figure class=\"team-member\"> \n           <div class=\"team-img\"><img decoding=\"async\" data-src=\"https:\/\/congresocompass.es\/wp-content\/uploads\/2023\/04\/Hombre-12.png\" alt=\"Moderador: Dr. Guillermo PALAO MORENO\" src=\"data:image\/gif;base64,R0lGODlhAQABAAAAACH5BAEKAAEALAAAAAABAAEAAAICTAEAOw==\" class=\"lazyload\" style=\"--smush-placeholder-width: 234px; --smush-placeholder-aspect-ratio: 234\/283;\" \/><div class=\"overlay\"><\/div><\/div>\t\t   <div class=\"team-social social-icons style1\">\n\t\t\t  <a href=\"#\" target=\"_blank\" class=\"twitter\"><span class=\"fa fa-twitter\"><\/span><\/a><a href=\"#\" target=\"_blank\" class=\"linkedin\"><span class=\"fa fa-linkedin\"><\/span><\/a><a href=\"#\" target=\"_blank\" class=\"instagram\"><span class=\"fa fa-instagram\"><\/span><\/a>\t\t <\/div>\n\t\t <div class=\"team-title\">\n\t       \t   <h5>Moderador: Dr. Guillermo PALAO MORENO<\/h5>\t\t\t   <h6>Catedr\u00e1tico de Derecho Internacional Privado. Universidad de Valencia.<\/h6>\t\t\t   \n\t\t   <\/div>\n\t\t<\/figure>\n\t<\/div>\n\t<\/div><\/div><\/div><div class=\"wpb_column vc_column_container vc_col-sm-3 mo-column-69f465bd2c9eb\"><div class=\"vc_column-inner\" ><div class=\"wpb_wrapper\">\t<div class=\"mo-team tpl2\">\n\t    <figure class=\"team-member\"> \n           <div class=\"team-img\"><img decoding=\"async\" data-src=\"https:\/\/congresocompass.es\/wp-content\/uploads\/2023\/04\/Mujer-1.png\" alt=\"Ponente de Derecho Internacional P\u00fablico: Dra. Rosario OJINAGA RUIZ\" src=\"data:image\/gif;base64,R0lGODlhAQABAAAAACH5BAEKAAEALAAAAAABAAEAAAICTAEAOw==\" class=\"lazyload\" style=\"--smush-placeholder-width: 233px; --smush-placeholder-aspect-ratio: 233\/282;\" \/><div class=\"overlay\"><\/div><\/div>\t\t   <div class=\"team-social social-icons style1\">\n\t\t\t  <a href=\"#\" target=\"_blank\" class=\"twitter\"><span class=\"fa fa-twitter\"><\/span><\/a><a href=\"#\" target=\"_blank\" class=\"linkedin\"><span class=\"fa fa-linkedin\"><\/span><\/a><a href=\"#\" target=\"_blank\" class=\"instagram\"><span class=\"fa fa-instagram\"><\/span><\/a>\t\t <\/div>\n\t\t <div class=\"team-title\">\n\t       \t   <h5>Ponente de Derecho Internacional P\u00fablico: Dra. Rosario OJINAGA RUIZ<\/h5>\t\t\t   <h6>Profesora Titular de Derecho Internacional P\u00fablico. Universidad de Cantabria.<\/h6>\t\t\t   \n\t\t   <\/div>\n\t\t<\/figure>\n\t<\/div>\n\t<\/div><\/div><\/div><\/div><div class=\"vc_row wpb_row vc_inner vc_row-fluid vc_custom_1680544098514 vc_column-gap-0\"   ><div class=\"wpb_column vc_column_container vc_col-sm-3 mo-column-69f465bd2cb18\"><div class=\"vc_column-inner\" ><div class=\"wpb_wrapper\">\t<div class=\"mo-team tpl2\">\n\t    <figure class=\"team-member\"> \n           <div class=\"team-img\"><img decoding=\"async\" data-src=\"https:\/\/congresocompass.es\/wp-content\/uploads\/2023\/04\/Mujer-1.png\" alt=\"Ponente de Derecho Internacional Privado: Dra. Beatriz A\u00d1OVEROS TERRADAS\" src=\"data:image\/gif;base64,R0lGODlhAQABAAAAACH5BAEKAAEALAAAAAABAAEAAAICTAEAOw==\" class=\"lazyload\" style=\"--smush-placeholder-width: 233px; --smush-placeholder-aspect-ratio: 233\/282;\" \/><div class=\"overlay\"><\/div><\/div>\t\t   <div class=\"team-social social-icons style1\">\n\t\t\t  <a href=\"#\" target=\"_blank\" class=\"facebook\"><span class=\"fa fa-facebook\"><\/span><\/a><a href=\"#\" target=\"_blank\" class=\"twitter\"><span class=\"fa fa-twitter\"><\/span><\/a><a href=\"#\" target=\"_blank\" class=\"linkedin\"><span class=\"fa fa-linkedin\"><\/span><\/a><a href=\"#\" target=\"_blank\" class=\"instagram\"><span class=\"fa fa-instagram\"><\/span><\/a>\t\t <\/div>\n\t\t <div class=\"team-title\">\n\t       \t   <h5>Ponente de Derecho Internacional Privado: Dra. Beatriz A\u00d1OVEROS TERRADAS<\/h5>\t\t\t   <h6>Catedr\u00e1tica de Derecho Internacional Privado. Universidad de Barcelona.<\/h6>\t\t\t   \n\t\t   <\/div>\n\t\t<\/figure>\n\t<\/div>\n\t<\/div><\/div><\/div><div class=\"wpb_column vc_column_container vc_col-sm-3 mo-column-69f465bd2cba8\"><div class=\"vc_column-inner\" ><div class=\"wpb_wrapper\">\t<div class=\"mo-team tpl2\">\n\t    <figure class=\"team-member\"> \n           <div class=\"team-img\"><img decoding=\"async\" data-src=\"https:\/\/congresocompass.es\/wp-content\/uploads\/2023\/04\/Mujer-1.png\" alt=\"Ponente de Relaciones Internacionales: Dra. Irene RODR\u00cdGUEZ MANZANO\" src=\"data:image\/gif;base64,R0lGODlhAQABAAAAACH5BAEKAAEALAAAAAABAAEAAAICTAEAOw==\" class=\"lazyload\" style=\"--smush-placeholder-width: 233px; --smush-placeholder-aspect-ratio: 233\/282;\" \/><div class=\"overlay\"><\/div><\/div>\t\t   <div class=\"team-social social-icons style1\">\n\t\t\t  <a href=\"#\" target=\"_blank\" class=\"twitter\"><span class=\"fa fa-twitter\"><\/span><\/a><a href=\"#\" target=\"_blank\" class=\"linkedin\"><span class=\"fa fa-linkedin\"><\/span><\/a><a href=\"#\" target=\"_blank\" class=\"instagram\"><span class=\"fa fa-instagram\"><\/span><\/a>\t\t <\/div>\n\t\t <div class=\"team-title\">\n\t       \t   <h5>Ponente de Relaciones Internacionales: Dra. Irene RODR\u00cdGUEZ MANZANO<\/h5>\t\t\t   <h6>Profesora Titular de Relaciones Internacionales. Universidad de Santiago.<\/h6>\t\t\t   \n\t\t   <\/div>\n\t\t<\/figure>\n\t<\/div>\n\t<\/div><\/div><\/div><div class=\"wpb_column vc_column_container vc_col-sm-3 mo-column-69f465bd2cc31\"><div class=\"vc_column-inner\" ><div class=\"wpb_wrapper\">\t<div class=\"mo-team tpl2\">\n\t    <figure class=\"team-member\"> \n           <div class=\"team-img\"><img decoding=\"async\" data-src=\"https:\/\/congresocompass.es\/wp-content\/uploads\/2023\/04\/Hombre-12.png\" alt=\"Moderador: Dr. Javier Andr\u00e9s GONZ\u00c1LEZ VEGA.\" src=\"data:image\/gif;base64,R0lGODlhAQABAAAAACH5BAEKAAEALAAAAAABAAEAAAICTAEAOw==\" class=\"lazyload\" style=\"--smush-placeholder-width: 234px; --smush-placeholder-aspect-ratio: 234\/283;\" \/><div class=\"overlay\"><\/div><\/div>\t\t   <div class=\"team-social social-icons style1\">\n\t\t\t  <a href=\"#\" target=\"_blank\" class=\"twitter\"><span class=\"fa fa-twitter\"><\/span><\/a><a href=\"#\" target=\"_blank\" class=\"linkedin\"><span class=\"fa fa-linkedin\"><\/span><\/a><a href=\"#\" target=\"_blank\" class=\"instagram\"><span class=\"fa fa-instagram\"><\/span><\/a>\t\t <\/div>\n\t\t <div class=\"team-title\">\n\t       \t   <h5>Moderador: Dr. Javier Andr\u00e9s GONZ\u00c1LEZ VEGA.<\/h5>\t\t\t   <h6>Catedr\u00e1tico de Derecho Internacional P\u00fablico. Universidad de Oviedo.<\/h6>\t\t\t   \n\t\t   <\/div>\n\t\t<\/figure>\n\t<\/div>\n\t<\/div><\/div><\/div><div class=\"wpb_column vc_column_container vc_col-sm-3 mo-column-69f465bd2ccc6\"><div class=\"vc_column-inner\" ><div class=\"wpb_wrapper\">\t<div class=\"mo-team tpl2\">\n\t    <figure class=\"team-member\"> \n           <div class=\"team-img\"><img decoding=\"async\" data-src=\"https:\/\/congresocompass.es\/wp-content\/uploads\/2023\/04\/Hombre-12.png\" alt=\"Ponente de Derecho Internacional P\u00fablico: Dr. Alejandro DEL VALLE G\u00c1LVEZ\" src=\"data:image\/gif;base64,R0lGODlhAQABAAAAACH5BAEKAAEALAAAAAABAAEAAAICTAEAOw==\" class=\"lazyload\" style=\"--smush-placeholder-width: 234px; --smush-placeholder-aspect-ratio: 234\/283;\" \/><div class=\"overlay\"><\/div><\/div>\t\t   <div class=\"team-social social-icons style1\">\n\t\t\t  <a href=\"#\" target=\"_blank\" class=\"twitter\"><span class=\"fa fa-twitter\"><\/span><\/a><a href=\"#\" target=\"_blank\" class=\"linkedin\"><span class=\"fa fa-linkedin\"><\/span><\/a><a href=\"#\" target=\"_blank\" class=\"instagram\"><span class=\"fa fa-instagram\"><\/span><\/a>\t\t <\/div>\n\t\t <div class=\"team-title\">\n\t       \t   <h5>Ponente de Derecho Internacional P\u00fablico: Dr. Alejandro DEL VALLE G\u00c1LVEZ<\/h5>\t\t\t   <h6>Catedr\u00e1tico de Derecho Internacional P\u00fablico y Relaciones Internacionales. Universidad de C\u00e1diz.<\/h6>\t\t\t   \n\t\t   <\/div>\n\t\t<\/figure>\n\t<\/div>\n\t<\/div><\/div><\/div><\/div><div class=\"vc_row wpb_row vc_inner vc_row-fluid vc_custom_1680544098514 vc_column-gap-0\"   ><div class=\"wpb_column vc_column_container vc_col-sm-3 mo-column-69f465bd2cdf5\"><div class=\"vc_column-inner\" ><div class=\"wpb_wrapper\">\t<div class=\"mo-team tpl2\">\n\t    <figure class=\"team-member\"> \n           <div class=\"team-img\"><img decoding=\"async\" data-src=\"https:\/\/congresocompass.es\/wp-content\/uploads\/2023\/04\/Mujer-1.png\" alt=\"Ponente de Derecho Internacional Privado: Dra. Salom\u00e9 ADROHER BIOSCA\" src=\"data:image\/gif;base64,R0lGODlhAQABAAAAACH5BAEKAAEALAAAAAABAAEAAAICTAEAOw==\" class=\"lazyload\" style=\"--smush-placeholder-width: 233px; --smush-placeholder-aspect-ratio: 233\/282;\" \/><div class=\"overlay\"><\/div><\/div>\t\t   <div class=\"team-social social-icons style1\">\n\t\t\t  <a href=\"#\" target=\"_blank\" class=\"facebook\"><span class=\"fa fa-facebook\"><\/span><\/a><a href=\"#\" target=\"_blank\" class=\"twitter\"><span class=\"fa fa-twitter\"><\/span><\/a><a href=\"#\" target=\"_blank\" class=\"linkedin\"><span class=\"fa fa-linkedin\"><\/span><\/a><a href=\"#\" target=\"_blank\" class=\"instagram\"><span class=\"fa fa-instagram\"><\/span><\/a>\t\t <\/div>\n\t\t <div class=\"team-title\">\n\t       \t   <h5>Ponente de Derecho Internacional Privado: Dra. Salom\u00e9 ADROHER BIOSCA<\/h5>\t\t\t   <h6>Profesora Ordinaria de Derecho Internacional Privado. Universidad de Comillas.<\/h6>\t\t\t   \n\t\t   <\/div>\n\t\t<\/figure>\n\t<\/div>\n\t<\/div><\/div><\/div><div class=\"wpb_column vc_column_container vc_col-sm-3 mo-column-69f465bd2ce84\"><div class=\"vc_column-inner\" ><div class=\"wpb_wrapper\">\t<div class=\"mo-team tpl2\">\n\t    <figure class=\"team-member\"> \n           <div class=\"team-img\"><img decoding=\"async\" data-src=\"https:\/\/congresocompass.es\/wp-content\/uploads\/2023\/04\/Mujer-1.png\" alt=\"Ponente de Relaciones Internacionales: Dra. Esther BARB\u00c9 IZUEL\" src=\"data:image\/gif;base64,R0lGODlhAQABAAAAACH5BAEKAAEALAAAAAABAAEAAAICTAEAOw==\" class=\"lazyload\" style=\"--smush-placeholder-width: 233px; --smush-placeholder-aspect-ratio: 233\/282;\" \/><div class=\"overlay\"><\/div><\/div>\t\t   <div class=\"team-social social-icons style1\">\n\t\t\t  <a href=\"#\" target=\"_blank\" class=\"twitter\"><span class=\"fa fa-twitter\"><\/span><\/a><a href=\"#\" target=\"_blank\" class=\"linkedin\"><span class=\"fa fa-linkedin\"><\/span><\/a><a href=\"#\" target=\"_blank\" class=\"instagram\"><span class=\"fa fa-instagram\"><\/span><\/a>\t\t <\/div>\n\t\t <div class=\"team-title\">\n\t       \t   <h5>Ponente de Relaciones Internacionales: Dra. Esther BARB\u00c9 IZUEL<\/h5>\t\t\t   <h6>Catedr\u00e1tica de Relaciones Internacionales. Universidad Aut\u00f3noma de Barcelona.<\/h6>\t\t\t   \n\t\t   <\/div>\n\t\t<\/figure>\n\t<\/div>\n\t<\/div><\/div><\/div><\/div><\/div><\/div><\/div><\/div><\/div><\/div>\n<\/section>","protected":false},"excerpt":{"rendered":"COMISI\u00d3N ACAD\u00c9MICA ORGANIZADORA Dr. Lucas Andr\u00e9s P\u00c9REZ MART\u00cdN Profesor Contratado Doctor de Derecho Internacional Privado. Universidad de Las Palmas de Gran Canaria. Coordinador de la Comisi\u00f3n. Dra. Ana SALINAS DE FR\u00cdAS Catedr\u00e1tica de Derecho Internacional P\u00fablico. Universidad de M\u00e1laga. Dra. Mar\u00eda Pilar DIAGO DIAGO Catedr\u00e1tica de Derecho Internacional Privado. Universidad de Zaragoza. Dr. Vicente GARRIDO [...]","protected":false},"author":1,"featured_media":0,"parent":0,"menu_order":0,"comment_status":"closed","ping_status":"closed","template":"","meta":{"_monsterinsights_skip_tracking":false,"_monsterinsights_sitenote_active":false,"_monsterinsights_sitenote_note":"","_monsterinsights_sitenote_category":0,"footnotes":""},"class_list":["post-972","page","type-page","status-publish","hentry"],"_links":{"self":[{"href":"https:\/\/congresocompass.es\/fr\/wp-json\/wp\/v2\/pages\/972","targetHints":{"allow":["GET"]}}],"collection":[{"href":"https:\/\/congresocompass.es\/fr\/wp-json\/wp\/v2\/pages"}],"about":[{"href":"https:\/\/congresocompass.es\/fr\/wp-json\/wp\/v2\/types\/page"}],"author":[{"embeddable":true,"href":"https:\/\/congresocompass.es\/fr\/wp-json\/wp\/v2\/users\/1"}],"replies":[{"embeddable":true,"href":"https:\/\/congresocompass.es\/fr\/wp-json\/wp\/v2\/comments?post=972"}],"version-history":[{"count":1,"href":"https:\/\/congresocompass.es\/fr\/wp-json\/wp\/v2\/pages\/972\/revisions"}],"predecessor-version":[{"id":973,"href":"https:\/\/congresocompass.es\/fr\/wp-json\/wp\/v2\/pages\/972\/revisions\/973"}],"wp:attachment":[{"href":"https:\/\/congresocompass.es\/fr\/wp-json\/wp\/v2\/media?parent=972"}],"curies":[{"name":"wp","href":"https:\/\/api.w.org\/{rel}","templated":true}]}}